{"id":2852,"date":"2024-03-27T09:21:13","date_gmt":"2024-03-27T09:21:13","guid":{"rendered":"https:\/\/www.francarman.hr\/?page_id=2852"},"modified":"2024-03-27T09:21:13","modified_gmt":"2024-03-27T09:21:13","slug":"perla-bianca","status":"publish","type":"page","link":"https:\/\/www.francarman.hr\/it\/bijela-vina\/perla-bianca\/","title":{"rendered":"Perla Bianca"},"content":{"rendered":"<div class=\"wpb-content-wrapper\"><p>[vc_row full_width=&#8221;stretch_row_content&#8221; equal_height=&#8221;yes&#8221; content_placement=&#8221;middle&#8221; css=&#8221;.vc_custom_1528272458912{margin-top: 0px !important;border-top-width: 0px !important;padding-top: 0px !important;}&#8221;][vc_column width=&#8221;1\/2&#8243; css=&#8221;.vc_custom_1534851249879{margin-top: 0px !important;margin-right: 0px !important;margin-bottom: 0px !important;margin-left: 0px !important;border-top-width: 0px !important;border-right-width: 0px !important;border-bottom-width: 0px !important;border-left-width: 0px !important;padding-top: 0px !important;padding-right: 0px !important;padding-bottom: 0px !important;padding-left: 0px !important;background-color: #f8f8f8 !important;}&#8221; offset=&#8221;vc_col-lg-6 vc_col-md-6 vc_hidden-sm vc_hidden-xs&#8221;][vc_single_image image=&#8221;2645&#8243; img_size=&#8221;full&#8221; alignment=&#8221;center&#8221; css=&#8221;.vc_custom_1596532207708{margin-top: 0px !important;margin-right: 0px !important;margin-bottom: 0px !important;margin-left: 0px !important;border-top-width: 0px !important;border-right-width: 0px !important;border-bottom-width: 0px !important;border-left-width: 0px !important;padding-top: 0px !important;padding-right: 0px !important;padding-bottom: 0px !important;padding-left: 0px !important;}&#8221;][\/vc_column][vc_column width=&#8221;1\/2&#8243; offset=&#8221;vc_hidden-sm vc_hidden-xs&#8221; css=&#8221;.vc_custom_1596532523787{padding-top: 50px !important;padding-right: 50px !important;padding-left: 50px !important;background-color: #2c3136 !important;}&#8221;][vc_empty_space height=&#8221;20px&#8221;]<div id=\"ultimate-heading-16069f326c770e44\" class=\"uvc-heading ult-adjust-bottom-margin ultimate-heading-16069f326c770e44 uvc-4148 letter_space uvc-heading-default-font-sizes\" data-hspacer=\"no_spacer\"  data-halign=\"center\" style=\"text-align:center\"><div class=\"uvc-heading-spacer no_spacer\" style=\"top\"><\/div><div class=\"uvc-main-heading ult-responsive\"  data-ultimate-target='.uvc-heading.ultimate-heading-16069f326c770e44 h6'  data-responsive-json-new='{\"font-size\":\"\",\"line-height\":\"\"}' ><h6 style=\"--font-weight:theme;color:#b2936d;margin-bottom:20px;\">FRANC ARMAN<\/h6><\/div><\/div><div id=\"ultimate-heading-360669f326c770e5a\" class=\"uvc-heading ult-adjust-bottom-margin ultimate-heading-360669f326c770e5a uvc-5984  uvc-heading-default-font-sizes\" data-hspacer=\"line_only\"  data-halign=\"center\" style=\"text-align:center\"><div class=\"uvc-sub-heading ult-responsive\"  data-ultimate-target='.uvc-heading.ultimate-heading-360669f326c770e5a .uvc-sub-heading '  data-responsive-json-new='{\"font-size\":\"\",\"line-height\":\"\"}'  style=\"font-weight:normal;margin-bottom:32px;\"><\/p>\n<h2><span style=\"color: #ffffff;\">Malvazija<\/span><\/h2>\n<p><\/div><div class=\"uvc-heading-spacer line_only\" style=\"margin-bottom:32px;height:1px;\"><span class=\"uvc-headings-line\" style=\"border-style:solid;border-bottom-width:1px;border-color:#b2936d;width:70px;\"><\/span><\/div><\/div>[vc_column_text css=&#8221;.vc_custom_1596533865540{padding-right: 25px !important;padding-bottom: 30px !important;padding-left: 25px !important;}&#8221;]<\/p>\n<p style=\"text-align: center;\"><span style=\"color: #ffffff;\">E\u2019 un tipo di vino autoctono istriano. L\u2019uva della zona di Nardu\u010di (Narduci) \u00e8 di altissima qualit\u00e0. E\u2019 di un caratteristico colore paglierino con riflessi verdolini. L\u2019aroma \u00e8 piacevolmente fiorito e fruttato, il gusto \u00e8 fresco, morbido, caldo e piacevolmente aspro. Si presta come abbinamento ideale con piatti a base di pesce, frutti di mare, come pure con piatti a base di pasta.<\/span><\/p>\n<p>[\/vc_column_text][vc_empty_space height=&#8221;20px&#8221;][\/vc_column][\/vc_row][vc_row full_width=&#8221;stretch_row_content&#8221; equal_height=&#8221;yes&#8221; content_placement=&#8221;middle&#8221; css=&#8221;.vc_custom_1528272458912{margin-top: 0px !important;border-top-width: 0px !important;padding-top: 0px !important;}&#8221;][vc_column width=&#8221;1\/2&#8243; css=&#8221;.vc_custom_1596532831576{margin-top: 0px !important;margin-right: 0px !important;margin-bottom: 0px !important;margin-left: 0px !important;border-top-width: 0px !important;border-right-width: 0px !important;border-bottom-width: 0px !important;border-left-width: 0px !important;padding-top: 50px !important;padding-right: 50px !important;padding-bottom: 50px !important;padding-left: 50px !important;background-color: #2c3136 !important;}&#8221; offset=&#8221;vc_col-lg-6 vc_hidden-lg vc_col-md-6 vc_hidden-md&#8221;][vc_empty_space height=&#8221;60px&#8221;]<div id=\"ultimate-heading-889069f326c770e6f\" class=\"uvc-heading ult-adjust-bottom-margin ultimate-heading-889069f326c770e6f uvc-8815 letter_space uvc-heading-default-font-sizes\" data-hspacer=\"no_spacer\"  data-halign=\"center\" style=\"text-align:center\"><div class=\"uvc-heading-spacer no_spacer\" style=\"top\"><\/div><div class=\"uvc-main-heading ult-responsive\"  data-ultimate-target='.uvc-heading.ultimate-heading-889069f326c770e6f h6'  data-responsive-json-new='{\"font-size\":\"\",\"line-height\":\"\"}' ><h6 style=\"--font-weight:theme;color:#b2936d;margin-bottom:20px;\">FRANC ARMAN<\/h6><\/div><\/div><div id=\"ultimate-heading-745069f326c770e84\" class=\"uvc-heading ult-adjust-bottom-margin ultimate-heading-745069f326c770e84 uvc-9226  uvc-heading-default-font-sizes\" data-hspacer=\"line_only\"  data-halign=\"center\" style=\"text-align:center\"><div class=\"uvc-sub-heading ult-responsive\"  data-ultimate-target='.uvc-heading.ultimate-heading-745069f326c770e84 .uvc-sub-heading '  data-responsive-json-new='{\"font-size\":\"\",\"line-height\":\"\"}'  style=\"font-weight:normal;margin-bottom:32px;\"><\/p>\n<h2><span style=\"color: #ffffff;\">Malvazija<\/span><\/h2>\n<p><\/div><div class=\"uvc-heading-spacer line_only\" style=\"margin-bottom:32px;height:1px;\"><span class=\"uvc-headings-line\" style=\"border-style:solid;border-bottom-width:1px;border-color:#b2936d;width:70px;\"><\/span><\/div><\/div>[vc_column_text css=&#8221;.vc_custom_1596533873236{padding-right: 25px !important;padding-bottom: 30px !important;padding-left: 25px !important;}&#8221;]<\/p>\n<p style=\"text-align: center;\"><span style=\"color: #ffffff;\">E\u2019 un tipo di vino autoctono istriano. L\u2019uva della zona di Nardu\u010di (Narduci) \u00e8 di altissima qualit\u00e0. E\u2019 di un caratteristico colore paglierino con riflessi verdolini. L\u2019aroma \u00e8 piacevolmente fiorito e fruttato, il gusto \u00e8 fresco, morbido, caldo e piacevolmente aspro. Si presta come abbinamento ideale con piatti a base di pesce, frutti di mare, come pure con piatti a base di pasta.<\/span><\/p>\n<p>[\/vc_column_text][vc_empty_space height=&#8221;20px&#8221;][\/vc_column][vc_column width=&#8221;1\/2&#8243; css=&#8221;.vc_custom_1596532921206{margin-top: 0px !important;margin-right: 0px !important;margin-bottom: 0px !important;margin-left: 0px !important;border-top-width: 0px !important;border-right-width: 0px !important;border-bottom-width: 0px !important;border-left-width: 0px !important;padding-top: 0px !important;padding-right: 0px !important;padding-bottom: 0px !important;padding-left: 0px !important;}&#8221; offset=&#8221;vc_hidden-lg vc_hidden-md&#8221;][vc_single_image image=&#8221;2645&#8243; img_size=&#8221;full&#8221; alignment=&#8221;center&#8221; css=&#8221;.vc_custom_1596532222298{margin-top: 0px !important;margin-right: 0px !important;margin-bottom: 0px !important;margin-left: 0px !important;border-top-width: 0px !important;border-right-width: 0px !important;border-bottom-width: 0px !important;border-left-width: 0px !important;padding-top: 0px !important;padding-right: 0px !important;padding-bottom: 0px !important;padding-left: 0px !important;}&#8221;][\/vc_column][\/vc_row][vc_row full_width=&#8221;stretch_row_content&#8221; equal_height=&#8221;yes&#8221; content_placement=&#8221;middle&#8221;][vc_column width=&#8221;1\/2&#8243; css=&#8221;.vc_custom_1596533005164{margin-left: 0px !important;border-left-width: 0px !important;padding-top: 50px !important;padding-right: 50px !important;padding-bottom: 50px !important;padding-left: 50px !important;background-color: #2c3136 !important;}&#8221;][vc_empty_space height=&#8221;60px&#8221;]<div id=\"ultimate-heading-619969f326c770e97\" class=\"uvc-heading ult-adjust-bottom-margin ultimate-heading-619969f326c770e97 uvc-3974 letter_space uvc-heading-default-font-sizes\" data-hspacer=\"no_spacer\"  data-halign=\"center\" style=\"text-align:center\"><div class=\"uvc-heading-spacer no_spacer\" style=\"top\"><\/div><div class=\"uvc-main-heading ult-responsive\"  data-ultimate-target='.uvc-heading.ultimate-heading-619969f326c770e97 h6'  data-responsive-json-new='{\"font-size\":\"\",\"line-height\":\"\"}' ><h6 style=\"--font-weight:theme;color:#b2936d;margin-bottom:20px;\">FRANC ARMAN<\/h6><\/div><\/div><div id=\"ultimate-heading-255069f326c770eac\" class=\"uvc-heading ult-adjust-bottom-margin ultimate-heading-255069f326c770eac uvc-6318  uvc-heading-default-font-sizes\" data-hspacer=\"line_only\"  data-halign=\"center\" style=\"text-align:center\"><div class=\"uvc-sub-heading ult-responsive\"  data-ultimate-target='.uvc-heading.ultimate-heading-255069f326c770eac .uvc-sub-heading '  data-responsive-json-new='{\"font-size\":\"\",\"line-height\":\"\"}'  style=\"font-weight:normal;margin-bottom:32px;\"><\/p>\n<h2><span style=\"color: #ffffff;\">Sauvignon Blanc<\/span><\/h2>\n<p><\/div><div class=\"uvc-heading-spacer line_only\" style=\"margin-bottom:32px;height:1px;\"><span class=\"uvc-headings-line\" style=\"border-style:solid;border-bottom-width:1px;border-color:#b2936d;width:70px;\"><\/span><\/div><\/div>[vc_column_text css=&#8221;.vc_custom_1596533978590{padding-right: 25px !important;padding-bottom: 30px !important;padding-left: 25px !important;}&#8221;]<\/p>\n<p style=\"text-align: center;\"><span style=\"color: #ffffff;\">Note ben definite, ma pur sempre non aggressivo e molto eleganti. L\u2019odore ha il caratteristico aroma erbaceo e fruttato, mentre al gusto dominano la frutta tropicale, mango, frutto della passione e agrumi, con il finale erbaceo. Questa vino fresco, di corpo medio, si abbina idealmente con formaggi erborinati, piatti di pesce e crostacei.<\/span><\/p>\n<p>[\/vc_column_text][vc_empty_space height=&#8221;20px&#8221;][\/vc_column][vc_column width=&#8221;1\/2&#8243; css=&#8221;.vc_custom_1596532886813{margin-top: 0px !important;margin-right: 0px !important;margin-bottom: 0px !important;margin-left: 0px !important;border-top-width: 0px !important;border-right-width: 0px !important;border-bottom-width: 0px !important;border-left-width: 0px !important;padding-top: 0px !important;padding-right: 0px !important;padding-bottom: 0px !important;padding-left: 0px !important;background-color: #f8f8f8 !important;}&#8221; offset=&#8221;vc_col-lg-6 vc_col-md-6&#8243;][vc_single_image image=&#8221;2646&#8243; img_size=&#8221;full&#8221; alignment=&#8221;center&#8221; css=&#8221;.vc_custom_1596532290208{margin-top: 0px !important;margin-right: 0px !important;margin-bottom: 0px !important;margin-left: 0px !important;border-top-width: 0px !important;border-right-width: 0px !important;border-bottom-width: 0px !important;border-left-width: 0px !important;padding-top: 0px !important;padding-right: 0px !important;padding-bottom: 0px !important;padding-left: 0px !important;}&#8221;][\/vc_column][\/vc_row][vc_row full_width=&#8221;stretch_row_content&#8221; equal_height=&#8221;yes&#8221; content_placement=&#8221;middle&#8221; css=&#8221;.vc_custom_1528206369740{margin-top: 0px !important;border-top-width: 0px !important;padding-top: 0px !important;}&#8221;][vc_column width=&#8221;1\/2&#8243; css=&#8221;.vc_custom_1534851631769{margin-top: 0px !important;margin-right: 0px !important;margin-bottom: 0px !important;margin-left: 0px !important;border-top-width: 0px !important;border-right-width: 0px !important;border-bottom-width: 0px !important;border-left-width: 0px !important;padding-top: 0px !important;padding-right: 0px !important;padding-bottom: 0px !important;padding-left: 0px !important;background-color: #f8f8f8 !important;}&#8221; offset=&#8221;vc_col-lg-6 vc_col-md-6 vc_hidden-sm vc_hidden-xs&#8221;][vc_single_image image=&#8221;2643&#8243; img_size=&#8221;full&#8221; alignment=&#8221;center&#8221; css=&#8221;.vc_custom_1596532317609{margin-top: 0px !important;margin-right: 0px !important;margin-bottom: 0px !important;margin-left: 0px !important;border-top-width: 0px !important;border-right-width: 0px !important;border-bottom-width: 0px !important;border-left-width: 0px !important;padding-top: 0px !important;padding-right: 0px !important;padding-bottom: 0px !important;padding-left: 0px !important;}&#8221;][\/vc_column][vc_column width=&#8221;1\/2&#8243; css=&#8221;.vc_custom_1534851624509{margin-left: 0px !important;border-left-width: 0px !important;padding-top: 50px !important;padding-right: 50px !important;padding-bottom: 50px !important;padding-left: 50px !important;background-color: #2c3136 !important;}&#8221; offset=&#8221;vc_hidden-sm vc_hidden-xs&#8221;][vc_empty_space height=&#8221;20px&#8221;]<div id=\"ultimate-heading-643069f326c770ebf\" class=\"uvc-heading ult-adjust-bottom-margin ultimate-heading-643069f326c770ebf uvc-8390 letter_space uvc-heading-default-font-sizes\" data-hspacer=\"no_spacer\"  data-halign=\"center\" style=\"text-align:center\"><div class=\"uvc-heading-spacer no_spacer\" style=\"top\"><\/div><div class=\"uvc-main-heading ult-responsive\"  data-ultimate-target='.uvc-heading.ultimate-heading-643069f326c770ebf h6'  data-responsive-json-new='{\"font-size\":\"\",\"line-height\":\"\"}' ><h6 style=\"--font-weight:theme;color:#b2936d;margin-bottom:20px;\">FRANC ARMAN<\/h6><\/div><\/div><div id=\"ultimate-heading-106769f326c770ed6\" class=\"uvc-heading ult-adjust-bottom-margin ultimate-heading-106769f326c770ed6 uvc-345  uvc-heading-default-font-sizes\" data-hspacer=\"line_only\"  data-halign=\"center\" style=\"text-align:center\"><div class=\"uvc-sub-heading ult-responsive\"  data-ultimate-target='.uvc-heading.ultimate-heading-106769f326c770ed6 .uvc-sub-heading '  data-responsive-json-new='{\"font-size\":\"\",\"line-height\":\"\"}'  style=\"font-weight:normal;margin-bottom:32px;\"><\/p>\n<h2><span style=\"color: #ffffff;\">Chardonnay<\/span><\/h2>\n<p><\/div><div class=\"uvc-heading-spacer line_only\" style=\"margin-bottom:32px;height:1px;\"><span class=\"uvc-headings-line\" style=\"border-style:solid;border-bottom-width:1px;border-color:#b2936d;width:70px;\"><\/span><\/div><\/div>[vc_column_text css=&#8221;.vc_custom_1596533991393{padding-right: 25px !important;padding-bottom: 30px !important;padding-left: 25px !important;}&#8221;]<\/p>\n<p style=\"text-align: center;\"><span style=\"color: #ffffff;\">E\u2019 un tipo di uva bianca famosissimo in tutto il mondo che nella posizione di Nardu\u010di (Narduci) fornisce ottimi risultati. La caratteristica di questo vino \u00e8 un colore giallo chiaro. Il suo aroma \u00e8 aperto con un profumo fresco di frutta bianca e di fiori. Il gusto \u00e8 particolarmente vivo, fresco e dolciastro con un\u2019asprezza leggermente presente. Si presta come abbinamento ideale con piatti a base di pesce, frutti di mare, come pure con i piatti a base di pasta.<\/span><\/p>\n<p>[\/vc_column_text][vc_empty_space height=&#8221;20px&#8221;][\/vc_column][\/vc_row][vc_row full_width=&#8221;stretch_row_content&#8221; equal_height=&#8221;yes&#8221; content_placement=&#8221;middle&#8221; css=&#8221;.vc_custom_1528206369740{margin-top: 0px !important;border-top-width: 0px !important;padding-top: 0px !important;}&#8221;][vc_column width=&#8221;1\/2&#8243; css=&#8221;.vc_custom_1534851662167{margin-left: 0px !important;border-left-width: 0px !important;padding-top: 50px !important;padding-right: 50px !important;padding-bottom: 50px !important;padding-left: 50px !important;background-color: #2c3136 !important;}&#8221; offset=&#8221;vc_hidden-lg vc_hidden-md&#8221;][vc_empty_space height=&#8221;60px&#8221;]<div id=\"ultimate-heading-340469f326c770ee9\" class=\"uvc-heading ult-adjust-bottom-margin ultimate-heading-340469f326c770ee9 uvc-9422 letter_space uvc-heading-default-font-sizes\" data-hspacer=\"no_spacer\"  data-halign=\"center\" style=\"text-align:center\"><div class=\"uvc-heading-spacer no_spacer\" style=\"top\"><\/div><div class=\"uvc-main-heading ult-responsive\"  data-ultimate-target='.uvc-heading.ultimate-heading-340469f326c770ee9 h6'  data-responsive-json-new='{\"font-size\":\"\",\"line-height\":\"\"}' ><h6 style=\"--font-weight:theme;color:#b2936d;margin-bottom:20px;\">FRANC ARMAN<\/h6><\/div><\/div><div id=\"ultimate-heading-636669f326c770f00\" class=\"uvc-heading ult-adjust-bottom-margin ultimate-heading-636669f326c770f00 uvc-3859  uvc-heading-default-font-sizes\" data-hspacer=\"line_only\"  data-halign=\"center\" style=\"text-align:center\"><div class=\"uvc-sub-heading ult-responsive\"  data-ultimate-target='.uvc-heading.ultimate-heading-636669f326c770f00 .uvc-sub-heading '  data-responsive-json-new='{\"font-size\":\"\",\"line-height\":\"\"}'  style=\"font-weight:normal;margin-bottom:32px;\"><\/p>\n<h2><span style=\"color: #ffffff;\">Chardonnay<\/span><\/h2>\n<p><\/div><div class=\"uvc-heading-spacer line_only\" style=\"margin-bottom:32px;height:1px;\"><span class=\"uvc-headings-line\" style=\"border-style:solid;border-bottom-width:1px;border-color:#b2936d;width:70px;\"><\/span><\/div><\/div>[vc_column_text css=&#8221;.vc_custom_1596533999437{padding-right: 25px !important;padding-bottom: 30px !important;padding-left: 25px !important;}&#8221;]<\/p>\n<p style=\"text-align: center;\"><span style=\"color: #ffffff;\">E\u2019 un tipo di uva bianca famosissimo in tutto il mondo che nella posizione di Nardu\u010di (Narduci) fornisce ottimi risultati. La caratteristica di questo vino \u00e8 un colore giallo chiaro. Il suo aroma \u00e8 aperto con un profumo fresco di frutta bianca e di fiori. Il gusto \u00e8 particolarmente vivo, fresco e dolciastro con un\u2019asprezza leggermente presente. Si presta come abbinamento ideale con piatti a base di pesce, frutti di mare, come pure con i piatti a base di pasta.<\/span><\/p>\n<p>[\/vc_column_text][vc_empty_space height=&#8221;20px&#8221;][\/vc_column][vc_column width=&#8221;1\/2&#8243; css=&#8221;.vc_custom_1534851669125{margin-top: 0px !important;margin-right: 0px !important;margin-bottom: 0px !important;margin-left: 0px !important;border-top-width: 0px !important;border-right-width: 0px !important;border-bottom-width: 0px !important;border-left-width: 0px !important;padding-top: 0px !important;padding-right: 0px !important;padding-bottom: 0px !important;padding-left: 0px !important;background-color: #f8f8f8 !important;}&#8221; offset=&#8221;vc_col-lg-6 vc_hidden-lg vc_col-md-6 vc_hidden-md&#8221;][vc_single_image image=&#8221;2643&#8243; img_size=&#8221;full&#8221; alignment=&#8221;center&#8221; css=&#8221;.vc_custom_1596532327434{margin-top: 0px !important;margin-right: 0px !important;margin-bottom: 0px !important;margin-left: 0px !important;border-top-width: 0px !important;border-right-width: 0px !important;border-bottom-width: 0px !important;border-left-width: 0px !important;padding-top: 0px !important;padding-right: 0px !important;padding-bottom: 0px !important;padding-left: 0px !important;}&#8221;][\/vc_column][\/vc_row][vc_row full_width=&#8221;stretch_row_content&#8221; equal_height=&#8221;yes&#8221; content_placement=&#8221;middle&#8221; css=&#8221;.vc_custom_1528205123610{margin-top: -35px !important;}&#8221;][vc_column width=&#8221;1\/2&#8243; css=&#8221;.vc_custom_1528205031806{margin-left: 0px !important;border-left-width: 0px !important;padding-top: 50px !important;padding-right: 50px !important;padding-bottom: 50px !important;padding-left: 50px !important;background-color: #2c3136 !important;}&#8221;][vc_empty_space height=&#8221;60px&#8221;]<div id=\"ultimate-heading-838469f326c770f14\" class=\"uvc-heading ult-adjust-bottom-margin ultimate-heading-838469f326c770f14 uvc-2156 letter_space uvc-heading-default-font-sizes\" data-hspacer=\"no_spacer\"  data-halign=\"center\" style=\"text-align:center\"><div class=\"uvc-heading-spacer no_spacer\" style=\"top\"><\/div><div class=\"uvc-main-heading ult-responsive\"  data-ultimate-target='.uvc-heading.ultimate-heading-838469f326c770f14 h6'  data-responsive-json-new='{\"font-size\":\"\",\"line-height\":\"\"}' ><h6 style=\"--font-weight:theme;color:#b2936d;margin-bottom:20px;\">FRANC ARMAN<\/h6><\/div><\/div><div id=\"ultimate-heading-115169f326c770f2b\" class=\"uvc-heading ult-adjust-bottom-margin ultimate-heading-115169f326c770f2b uvc-2983  uvc-heading-default-font-sizes\" data-hspacer=\"line_only\"  data-halign=\"center\" style=\"text-align:center\"><div class=\"uvc-sub-heading ult-responsive\"  data-ultimate-target='.uvc-heading.ultimate-heading-115169f326c770f2b .uvc-sub-heading '  data-responsive-json-new='{\"font-size\":\"\",\"line-height\":\"\"}'  style=\"font-weight:normal;margin-bottom:32px;\"><\/p>\n<h2><span style=\"color: #ffffff;\">Pinot Grigio<\/span><\/h2>\n<p><\/div><div class=\"uvc-heading-spacer line_only\" style=\"margin-bottom:32px;height:1px;\"><span class=\"uvc-headings-line\" style=\"border-style:solid;border-bottom-width:1px;border-color:#b2936d;width:70px;\"><\/span><\/div><\/div>[vc_column_text css=&#8221;.vc_custom_1596534012723{padding-bottom: 30px !important;}&#8221;]<\/p>\n<p style=\"text-align: center;\"><span style=\"color: #ffffff;\">Questo tipo di vino conosciuto nel mondo con le denominazioni Rundler o Burgunder d\u00e0 un vino di ottima qualit\u00e0 nella posizione di Nardu\u010di (Narduci). E\u2019 di colore giallo con un riflesso rossastro. Il profumo \u00e8 fresco e fruttato con una piacevole nota di soffione. Il gusto \u00e8 caratteristico per questo tipo di vino, molto armonioso e persistente. Si presta come abbinamento ideale con piatti a base di pesce, frutti di mare, come pure con i piatti a base di pasta.<\/span><\/p>\n<p>[\/vc_column_text][vc_empty_space height=&#8221;20px&#8221;][\/vc_column][vc_column width=&#8221;1\/2&#8243; css=&#8221;.vc_custom_1528205372930{margin-top: 0px !important;margin-right: 0px !important;margin-bottom: 0px !important;margin-left: 0px !important;border-top-width: 0px !important;border-right-width: 0px !important;border-bottom-width: 0px !important;border-left-width: 0px !important;padding-top: 0px !important;padding-right: 0px !important;padding-bottom: 0px !important;padding-left: 0px !important;background-color: #f8f8f8 !important;}&#8221; offset=&#8221;vc_col-lg-6 vc_col-md-6&#8243;][vc_single_image image=&#8221;844&#8243; img_size=&#8221;full&#8221; alignment=&#8221;center&#8221; css=&#8221;.vc_custom_1528272085305{margin-top: 0px !important;margin-right: 0px !important;margin-bottom: 0px !important;margin-left: 0px !important;border-top-width: 0px !important;border-right-width: 0px !important;border-bottom-width: 0px !important;border-left-width: 0px !important;padding-top: 0px !important;padding-right: 0px !important;padding-bottom: 0px !important;padding-left: 0px !important;}&#8221;][\/vc_column][\/vc_row][vc_row full_width=&#8221;stretch_row_content&#8221; equal_height=&#8221;yes&#8221; content_placement=&#8221;middle&#8221; css=&#8221;.vc_custom_1528206369740{margin-top: 0px !important;border-top-width: 0px !important;padding-top: 0px !important;}&#8221;][vc_column width=&#8221;1\/2&#8243; css=&#8221;.vc_custom_1534851686511{margin-top: 0px !important;margin-right: 0px !important;margin-bottom: 0px !important;margin-left: 0px !important;border-top-width: 0px !important;border-right-width: 0px !important;border-bottom-width: 0px !important;border-left-width: 0px !important;padding-top: 0px !important;padding-right: 0px !important;padding-bottom: 0px !important;padding-left: 0px !important;background-color: #f8f8f8 !important;}&#8221; offset=&#8221;vc_col-lg-6 vc_col-md-6 vc_hidden-sm vc_hidden-xs&#8221;][vc_single_image image=&#8221;2644&#8243; img_size=&#8221;full&#8221; alignment=&#8221;center&#8221; css=&#8221;.vc_custom_1596532377677{margin-top: 0px !important;margin-right: 0px !important;margin-bottom: 0px !important;margin-left: 0px !important;border-top-width: 0px !important;border-right-width: 0px !important;border-bottom-width: 0px !important;border-left-width: 0px !important;padding-top: 0px !important;padding-right: 0px !important;padding-bottom: 0px !important;padding-left: 0px !important;}&#8221;][\/vc_column][vc_column width=&#8221;1\/2&#8243; css=&#8221;.vc_custom_1534851693387{margin-left: 0px !important;border-left-width: 0px !important;padding-top: 50px !important;padding-right: 50px !important;padding-bottom: 50px !important;padding-left: 50px !important;background-color: #2c3136 !important;}&#8221; offset=&#8221;vc_hidden-sm vc_hidden-xs&#8221;][vc_empty_space height=&#8221;20px&#8221;]<div id=\"ultimate-heading-266069f326c770f4c\" class=\"uvc-heading ult-adjust-bottom-margin ultimate-heading-266069f326c770f4c uvc-5698 letter_space uvc-heading-default-font-sizes\" data-hspacer=\"no_spacer\"  data-halign=\"center\" style=\"text-align:center\"><div class=\"uvc-heading-spacer no_spacer\" style=\"top\"><\/div><div class=\"uvc-main-heading ult-responsive\"  data-ultimate-target='.uvc-heading.ultimate-heading-266069f326c770f4c h6'  data-responsive-json-new='{\"font-size\":\"\",\"line-height\":\"\"}' ><h6 style=\"--font-weight:theme;color:#b2936d;margin-bottom:20px;\">FRANC ARMAN<\/h6><\/div><\/div><div id=\"ultimate-heading-606469f326c770f62\" class=\"uvc-heading ult-adjust-bottom-margin ultimate-heading-606469f326c770f62 uvc-3565  uvc-heading-default-font-sizes\" data-hspacer=\"line_only\"  data-halign=\"center\" style=\"text-align:center\"><div class=\"uvc-sub-heading ult-responsive\"  data-ultimate-target='.uvc-heading.ultimate-heading-606469f326c770f62 .uvc-sub-heading '  data-responsive-json-new='{\"font-size\":\"\",\"line-height\":\"\"}'  style=\"font-weight:normal;margin-bottom:32px;\"><\/p>\n<h2><span style=\"color: #ffffff;\">Malvazija Classic<\/span><\/h2>\n<p><\/div><div class=\"uvc-heading-spacer line_only\" style=\"margin-bottom:32px;height:1px;\"><span class=\"uvc-headings-line\" style=\"border-style:solid;border-bottom-width:1px;border-color:#b2936d;width:70px;\"><\/span><\/div><\/div>[vc_column_text css=&#8221;.vc_custom_1596534038396{padding-right: 25px !important;padding-bottom: 30px !important;padding-left: 25px !important;}&#8221;]<\/p>\n<p style=\"text-align: center;\"><span style=\"color: #ffffff;\">E\u2019 un tipo di vino pregiato istriano autoctono curato con il metodo tradizionale dell\u2019invecchiamento per un periodo di 9 mesi nelle botti in legno sulle proprie fecce nobili. E\u2019 di colore paglierino intenso. Ha un raffinato profumo fruttato, floreale e speziato con sfumature di vaniglia. Il suo gusto \u00e8 asciutto, salato, morbido e pieno con una fine amarognola. Si presta come abbinamento ideale con piatti a base di pesce, frutti di mare, come pure con piatti a base di pasta.<\/span><\/p>\n<p>[\/vc_column_text][vc_empty_space height=&#8221;20px&#8221;][\/vc_column][\/vc_row][vc_row full_width=&#8221;stretch_row_content&#8221; equal_height=&#8221;yes&#8221; content_placement=&#8221;middle&#8221; css=&#8221;.vc_custom_1528206369740{margin-top: 0px !important;border-top-width: 0px !important;padding-top: 0px !important;}&#8221;][vc_column width=&#8221;1\/2&#8243; css=&#8221;.vc_custom_1534851706195{margin-left: 0px !important;border-left-width: 0px !important;padding-top: 50px !important;padding-right: 50px !important;padding-bottom: 50px !important;padding-left: 50px !important;background-color: #2c3136 !important;}&#8221; offset=&#8221;vc_hidden-lg vc_hidden-md&#8221;][vc_empty_space height=&#8221;60px&#8221;]<div id=\"ultimate-heading-193169f326c770f75\" class=\"uvc-heading ult-adjust-bottom-margin ultimate-heading-193169f326c770f75 uvc-6182 letter_space uvc-heading-default-font-sizes\" data-hspacer=\"no_spacer\"  data-halign=\"center\" style=\"text-align:center\"><div class=\"uvc-heading-spacer no_spacer\" style=\"top\"><\/div><div class=\"uvc-main-heading ult-responsive\"  data-ultimate-target='.uvc-heading.ultimate-heading-193169f326c770f75 h6'  data-responsive-json-new='{\"font-size\":\"\",\"line-height\":\"\"}' ><h6 style=\"--font-weight:theme;color:#b2936d;margin-bottom:20px;\">FRANC ARMAN<\/h6><\/div><\/div><div id=\"ultimate-heading-285469f326c770f8b\" class=\"uvc-heading ult-adjust-bottom-margin ultimate-heading-285469f326c770f8b uvc-667  uvc-heading-default-font-sizes\" data-hspacer=\"line_only\"  data-halign=\"center\" style=\"text-align:center\"><div class=\"uvc-sub-heading ult-responsive\"  data-ultimate-target='.uvc-heading.ultimate-heading-285469f326c770f8b .uvc-sub-heading '  data-responsive-json-new='{\"font-size\":\"\",\"line-height\":\"\"}'  style=\"font-weight:normal;margin-bottom:32px;\"><\/p>\n<h2><span style=\"color: #ffffff;\">Malvazija Classic<\/span><\/h2>\n<p><\/div><div class=\"uvc-heading-spacer line_only\" style=\"margin-bottom:32px;height:1px;\"><span class=\"uvc-headings-line\" style=\"border-style:solid;border-bottom-width:1px;border-color:#b2936d;width:70px;\"><\/span><\/div><\/div>[vc_column_text css=&#8221;.vc_custom_1596534046428{padding-right: 25px !important;padding-bottom: 30px !important;padding-left: 25px !important;}&#8221;]<\/p>\n<p style=\"text-align: center;\"><span style=\"color: #ffffff;\">E\u2019 un tipo di vino pregiato istriano autoctono curato con il metodo tradizionale dell\u2019invecchiamento per un periodo di 9 mesi nelle botti in legno sulle proprie fecce nobili. E\u2019 di colore paglierino intenso. Ha un raffinato profumo fruttato, floreale e speziato con sfumature di vaniglia. Il suo gusto \u00e8 asciutto, salato, morbido e pieno con una fine amarognola. Si presta come abbinamento ideale con piatti a base di pesce, frutti di mare, come pure con piatti a base di pasta.<\/span><\/p>\n<p>[\/vc_column_text][vc_empty_space height=&#8221;20px&#8221;][\/vc_column][vc_column width=&#8221;1\/2&#8243; css=&#8221;.vc_custom_1534851716689{margin-top: 0px !important;margin-right: 0px !important;margin-bottom: 0px !important;margin-left: 0px !important;border-top-width: 0px !important;border-right-width: 0px !important;border-bottom-width: 0px !important;border-left-width: 0px !important;padding-top: 0px !important;padding-right: 0px !important;padding-bottom: 0px !important;padding-left: 0px !important;background-color: #f8f8f8 !important;}&#8221; offset=&#8221;vc_col-lg-6 vc_hidden-lg vc_col-md-6 vc_hidden-md&#8221;][vc_single_image image=&#8221;2644&#8243; img_size=&#8221;full&#8221; alignment=&#8221;center&#8221; css=&#8221;.vc_custom_1596532404385{margin-top: 0px !important;margin-right: 0px !important;margin-bottom: 0px !important;margin-left: 0px !important;border-top-width: 0px !important;border-right-width: 0px !important;border-bottom-width: 0px !important;border-left-width: 0px !important;padding-top: 0px !important;padding-right: 0px !important;padding-bottom: 0px !important;padding-left: 0px !important;}&#8221;][\/vc_column][\/vc_row][vc_row full_width=&#8221;stretch_row_content&#8221; equal_height=&#8221;yes&#8221; content_placement=&#8221;middle&#8221; css=&#8221;.vc_custom_1528205123610{margin-top: -35px !important;}&#8221;][vc_column width=&#8221;1\/2&#8243; css=&#8221;.vc_custom_1528205031806{margin-left: 0px !important;border-left-width: 0px !important;padding-top: 50px !important;padding-right: 50px !important;padding-bottom: 50px !important;padding-left: 50px !important;background-color: #2c3136 !important;}&#8221;][vc_empty_space height=&#8221;60px&#8221;]<div id=\"ultimate-heading-139069f326c770f9e\" class=\"uvc-heading ult-adjust-bottom-margin ultimate-heading-139069f326c770f9e uvc-8093 letter_space uvc-heading-default-font-sizes\" data-hspacer=\"no_spacer\"  data-halign=\"center\" style=\"text-align:center\"><div class=\"uvc-heading-spacer no_spacer\" style=\"top\"><\/div><div class=\"uvc-main-heading ult-responsive\"  data-ultimate-target='.uvc-heading.ultimate-heading-139069f326c770f9e h6'  data-responsive-json-new='{\"font-size\":\"\",\"line-height\":\"\"}' ><h6 style=\"--font-weight:theme;color:#b2936d;margin-bottom:20px;\">FRANC ARMAN<\/h6><\/div><\/div><div id=\"ultimate-heading-517469f326c770fb4\" class=\"uvc-heading ult-adjust-bottom-margin ultimate-heading-517469f326c770fb4 uvc-5735  uvc-heading-default-font-sizes\" data-hspacer=\"line_only\"  data-halign=\"center\" style=\"text-align:center\"><div class=\"uvc-sub-heading ult-responsive\"  data-ultimate-target='.uvc-heading.ultimate-heading-517469f326c770fb4 .uvc-sub-heading '  data-responsive-json-new='{\"font-size\":\"\",\"line-height\":\"\"}'  style=\"font-weight:normal;margin-bottom:32px;\"><\/p>\n<h2><span style=\"color: #ffffff;\">Perla Bianca<\/span><\/h2>\n<p><\/div><div class=\"uvc-heading-spacer line_only\" style=\"margin-bottom:32px;height:1px;\"><span class=\"uvc-headings-line\" style=\"border-style:solid;border-bottom-width:1px;border-color:#b2936d;width:70px;\"><\/span><\/div><\/div>[vc_column_text css=&#8221;.vc_custom_1596534063563{padding-right: 25px !important;padding-bottom: 30px !important;padding-left: 25px !important;}&#8221;]<\/p>\n<p style=\"text-align: center;\"><span style=\"color: #ffffff;\">Spumante naturale ottenuto con il metodo charmat Brut. 12,5% vol. alc. Il ricco perlage e la finezza delle bollicine che arrivano fino alla superficie del bicchiere visivamente invitano all\u2019assaggio. Grazie al metodo Charmat di fermentazione secondaria in autoclave si sente il prevalente e caratteristico aroma della Malvasia istriana rivelando i profumi agrumati e il fiore d\u2019acacia. Al gusto \u00e8 fresco e svolazzante, ma anche ricco di sapori; senza pretese, ma in grado di soddisfare i palati pi\u00f9 esigenti.<\/span><\/p>\n<p>[\/vc_column_text][vc_empty_space height=&#8221;20px&#8221;][\/vc_column][vc_column width=&#8221;1\/2&#8243; css=&#8221;.vc_custom_1528205372930{margin-top: 0px !important;margin-right: 0px !important;margin-bottom: 0px !important;margin-left: 0px !important;border-top-width: 0px !important;border-right-width: 0px !important;border-bottom-width: 0px !important;border-left-width: 0px !important;padding-top: 0px !important;padding-right: 0px !important;padding-bottom: 0px !important;padding-left: 0px !important;background-color: #f8f8f8 !important;}&#8221; offset=&#8221;vc_col-lg-6 vc_col-md-6&#8243;][vc_single_image image=&#8221;2654&#8243; img_size=&#8221;full&#8221; alignment=&#8221;center&#8221; css=&#8221;.vc_custom_1598876295044{margin-top: 0px !important;margin-right: 0px !important;margin-bottom: 0px !important;margin-left: 0px !important;border-top-width: 0px !important;border-right-width: 0px !important;border-bottom-width: 0px !important;border-left-width: 0px !important;padding-top: 0px !important;padding-right: 0px !important;padding-bottom: 0px !important;padding-left: 0px !important;}&#8221;][\/vc_column][\/vc_row][vc_row full_width=&#8221;stretch_row_content&#8221; equal_height=&#8221;yes&#8221; content_placement=&#8221;middle&#8221; css=&#8221;.vc_custom_1528206369740{margin-top: 0px !important;border-top-width: 0px !important;padding-top: 0px !important;}&#8221;][vc_column width=&#8221;1\/2&#8243; css=&#8221;.vc_custom_1534851770759{margin-top: 0px !important;margin-right: 0px !important;margin-bottom: 0px !important;margin-left: 0px !important;border-top-width: 0px !important;border-right-width: 0px !important;border-bottom-width: 0px !important;border-left-width: 0px !important;padding-top: 0px !important;padding-right: 0px !important;padding-bottom: 0px !important;padding-left: 0px !important;background-color: #f8f8f8 !important;}&#8221; offset=&#8221;vc_col-lg-6 vc_col-md-6 vc_hidden-sm vc_hidden-xs&#8221;][vc_single_image image=&#8221;917&#8243; img_size=&#8221;full&#8221; alignment=&#8221;center&#8221; css=&#8221;.vc_custom_1529316372635{margin-top: 0px !important;margin-right: 0px !important;margin-bottom: 0px !important;margin-left: 0px !important;border-top-width: 0px !important;border-right-width: 0px !important;border-bottom-width: 0px !important;border-left-width: 0px !important;padding-top: 0px !important;padding-right: 0px !important;padding-bottom: 0px !important;padding-left: 0px !important;}&#8221;][\/vc_column][vc_column width=&#8221;1\/2&#8243; css=&#8221;.vc_custom_1534851775757{margin-left: 0px !important;border-left-width: 0px !important;padding-top: 50px !important;padding-right: 50px !important;padding-bottom: 50px !important;padding-left: 50px !important;background-color: #2c3136 !important;}&#8221; offset=&#8221;vc_hidden-sm vc_hidden-xs&#8221;][vc_empty_space height=&#8221;20px&#8221;]<div id=\"ultimate-heading-840669f326c770fc8\" class=\"uvc-heading ult-adjust-bottom-margin ultimate-heading-840669f326c770fc8 uvc-5989 letter_space uvc-heading-default-font-sizes\" data-hspacer=\"no_spacer\"  data-halign=\"center\" style=\"text-align:center\"><div class=\"uvc-heading-spacer no_spacer\" style=\"top\"><\/div><div class=\"uvc-main-heading ult-responsive\"  data-ultimate-target='.uvc-heading.ultimate-heading-840669f326c770fc8 h6'  data-responsive-json-new='{\"font-size\":\"\",\"line-height\":\"\"}' ><h6 style=\"--font-weight:theme;color:#b2936d;margin-bottom:20px;\">FRANC ARMAN<\/h6><\/div><\/div><div id=\"ultimate-heading-678069f326c770fde\" class=\"uvc-heading ult-adjust-bottom-margin ultimate-heading-678069f326c770fde uvc-209  uvc-heading-default-font-sizes\" data-hspacer=\"line_only\"  data-halign=\"center\" style=\"text-align:center\"><div class=\"uvc-sub-heading ult-responsive\"  data-ultimate-target='.uvc-heading.ultimate-heading-678069f326c770fde .uvc-sub-heading '  data-responsive-json-new='{\"font-size\":\"\",\"line-height\":\"\"}'  style=\"font-weight:normal;margin-bottom:32px;\"><\/p>\n<h2><span style=\"color: #ffffff;\">Don Edoardo<\/span><\/h2>\n<p><\/div><div class=\"uvc-heading-spacer line_only\" style=\"margin-bottom:32px;height:1px;\"><span class=\"uvc-headings-line\" style=\"border-style:solid;border-bottom-width:1px;border-color:#b2936d;width:70px;\"><\/span><\/div><\/div>[vc_column_text css=&#8221;.vc_custom_1596534081743{padding-right: 25px !important;padding-bottom: 30px !important;padding-left: 25px !important;}&#8221;]<\/p>\n<p style=\"text-align: center;\"><span style=\"color: #ffffff;\">Una grappa con una storia speciale. Porta il nome del nonno Edoardo Arman. La grappa Don Edoardo \u00e8 un distillato prodotto da vinacce di Moscato e Malvasia, distillata nel tradizionale alambicco di rame e sottoposta a otto anni di maturazione in botte barrique in rovere non tostato. Contiene il 45% di alcol ed \u00e8 perfetta per un aperitivo o un digestivo e, in particolare, si abbina alla perfezione con biscotti e torte ricche di cioccolato fondente.<\/span><\/p>\n<p>[\/vc_column_text][vc_empty_space height=&#8221;20px&#8221;][\/vc_column][\/vc_row][vc_row full_width=&#8221;stretch_row_content&#8221; equal_height=&#8221;yes&#8221; content_placement=&#8221;middle&#8221; css=&#8221;.vc_custom_1528206369740{margin-top: 0px !important;border-top-width: 0px !important;padding-top: 0px !important;}&#8221;][vc_column width=&#8221;1\/2&#8243; css=&#8221;.vc_custom_1534851785635{margin-left: 0px !important;border-left-width: 0px !important;padding-top: 50px !important;padding-right: 50px !important;padding-bottom: 50px !important;padding-left: 50px !important;background-color: #2c3136 !important;}&#8221; offset=&#8221;vc_hidden-lg vc_hidden-md&#8221;][vc_empty_space height=&#8221;60px&#8221;]<div id=\"ultimate-heading-669569f326c770ff1\" class=\"uvc-heading ult-adjust-bottom-margin ultimate-heading-669569f326c770ff1 uvc-8040 letter_space uvc-heading-default-font-sizes\" data-hspacer=\"no_spacer\"  data-halign=\"center\" style=\"text-align:center\"><div class=\"uvc-heading-spacer no_spacer\" style=\"top\"><\/div><div class=\"uvc-main-heading ult-responsive\"  data-ultimate-target='.uvc-heading.ultimate-heading-669569f326c770ff1 h6'  data-responsive-json-new='{\"font-size\":\"\",\"line-height\":\"\"}' ><h6 style=\"--font-weight:theme;color:#b2936d;margin-bottom:20px;\">FRANC ARMAN<\/h6><\/div><\/div><div id=\"ultimate-heading-403069f326c771005\" class=\"uvc-heading ult-adjust-bottom-margin ultimate-heading-403069f326c771005 uvc-3023  uvc-heading-default-font-sizes\" data-hspacer=\"line_only\"  data-halign=\"center\" style=\"text-align:center\"><div class=\"uvc-sub-heading ult-responsive\"  data-ultimate-target='.uvc-heading.ultimate-heading-403069f326c771005 .uvc-sub-heading '  data-responsive-json-new='{\"font-size\":\"\",\"line-height\":\"\"}'  style=\"font-weight:normal;margin-bottom:32px;\"><\/p>\n<h2><span style=\"color: #ffffff;\">Don Edoardo<\/span><\/h2>\n<p><\/div><div class=\"uvc-heading-spacer line_only\" style=\"margin-bottom:32px;height:1px;\"><span class=\"uvc-headings-line\" style=\"border-style:solid;border-bottom-width:1px;border-color:#b2936d;width:70px;\"><\/span><\/div><\/div>[vc_column_text css=&#8221;.vc_custom_1596534093712{padding-right: 25px !important;padding-bottom: 30px !important;padding-left: 25px !important;}&#8221;]<\/p>\n<p style=\"text-align: center;\"><span style=\"color: #ffffff;\">Una grappa con una storia speciale. Porta il nome del nonno Edoardo Arman. La grappa Don Edoardo \u00e8 un distillato prodotto da vinacce di Moscato e Malvasia, distillata nel tradizionale alambicco di rame e sottoposta a otto anni di maturazione in botte barrique in rovere non tostato. Contiene il 45% di alcol ed \u00e8 perfetta per un aperitivo o un digestivo e, in particolare, si abbina alla perfezione con biscotti e torte ricche di cioccolato fondente.<\/span><\/p>\n<p>[\/vc_column_text][vc_empty_space height=&#8221;20px&#8221;][\/vc_column][vc_column width=&#8221;1\/2&#8243; css=&#8221;.vc_custom_1534851790805{margin-top: 0px !important;margin-right: 0px !important;margin-bottom: 0px !important;margin-left: 0px !important;border-top-width: 0px !important;border-right-width: 0px !important;border-bottom-width: 0px !important;border-left-width: 0px !important;padding-top: 0px !important;padding-right: 0px !important;padding-bottom: 0px !important;padding-left: 0px !important;background-color: #f8f8f8 !important;}&#8221; offset=&#8221;vc_col-lg-6 vc_hidden-lg vc_col-md-6 vc_hidden-md&#8221;][vc_single_image image=&#8221;917&#8243; img_size=&#8221;full&#8221; alignment=&#8221;center&#8221; css=&#8221;.vc_custom_1529316372635{margin-top: 0px !important;margin-right: 0px !important;margin-bottom: 0px !important;margin-left: 0px !important;border-top-width: 0px !important;border-right-width: 0px !important;border-bottom-width: 0px !important;border-left-width: 0px !important;padding-top: 0px !important;padding-right: 0px !important;padding-bottom: 0px !important;padding-left: 0px !important;}&#8221;][\/vc_column][\/vc_row]<\/p>\n<\/div>","protected":false},"excerpt":{"rendered":"<p>[vc_row full_width=&#8221;stretch_row_content&#8221; equal_height=&#8221;yes&#8221; content_placement=&#8221;middle&#8221; css=&#8221;.vc_custom_1528272458912{margin-top: 0px !important;border-top-width: 0px !important;padding-top: 0px !important;}&#8221;][vc_column width=&#8221;1\/2&#8243; css=&#8221;.vc_custom_1534851249879{margin-top: 0px !important;margin-right: 0px !important;margin-bottom: 0px !important;margin-left: 0px !important;border-top-width: 0px !important;border-right-width: 0px !important;border-bottom-width: 0px !important;border-left-width: 0px !important;padding-top: 0px !important;padding-right: 0px !important;padding-bottom: 0px !important;padding-left: 0px !important;background-color: #f8f8f8 !important;}&#8221; offset=&#8221;vc_col-lg-6 vc_col-md-6 vc_hidden-sm vc_hidden-xs&#8221;][vc_single_image image=&#8221;2645&#8243; img_size=&#8221;full&#8221; alignment=&#8221;center&#8221; css=&#8221;.vc_custom_1596532207708{margin-top: 0px !important;margin-right: 0px !important;margin-bottom: 0px !important;margin-left: 0px !important;border-top-width:&hellip;<\/p>\n","protected":false},"author":1,"featured_media":0,"parent":2,"menu_order":0,"comment_status":"closed","ping_status":"closed","template":"template-microsite.php","meta":{"footnotes":""},"yoast_head":"<!-- This site is optimized with the Yoast SEO plugin v22.3 - https:\/\/yoast.com\/wordpress\/plugins\/seo\/ -->\n<title>Bijela vina - Franc Arman<\/title>\n<meta name=\"description\" content=\"Zbog razli\u010ditih sorti i pomno odabranih metoda dozrijevanja, Franc Arman bijela vina nude vam cijeli spektar okusa i mirisa na paleti vinskog do\u017eivljaja.\" \/>\n<meta name=\"robots\" content=\"index, follow, max-snippet:-1, max-image-preview:large, max-video-preview:-1\" \/>\n<link rel=\"canonical\" href=\"https:\/\/www.francarman.hr\/bijela-vina\/perla-bianca\/\" \/>\n<meta property=\"og:locale\" content=\"it_IT\" \/>\n<meta property=\"og:type\" content=\"article\" \/>\n<meta property=\"og:title\" content=\"Bijela vina - Franc Arman\" \/>\n<meta property=\"og:description\" content=\"Zbog razli\u010ditih sorti i pomno odabranih metoda dozrijevanja, Franc Arman bijela vina nude vam cijeli spektar okusa i mirisa na paleti vinskog do\u017eivljaja.\" \/>\n<meta property=\"og:url\" content=\"https:\/\/www.francarman.hr\/bijela-vina\/perla-bianca\/\" \/>\n<meta property=\"og:site_name\" content=\"Franc Arman\" \/>\n<meta name=\"twitter:card\" content=\"summary_large_image\" \/>\n<meta name=\"twitter:label1\" content=\"Tempo di lettura stimato\" \/>\n\t<meta name=\"twitter:data1\" content=\"12 minuti\" \/>\n<script type=\"application\/ld+json\" class=\"yoast-schema-graph\">{\"@context\":\"https:\/\/schema.org\",\"@graph\":[{\"@type\":\"WebPage\",\"@id\":\"https:\/\/www.francarman.hr\/bijela-vina\/perla-bianca\/\",\"url\":\"https:\/\/www.francarman.hr\/bijela-vina\/perla-bianca\/\",\"name\":\"Bijela vina - Franc Arman\",\"isPartOf\":{\"@id\":\"https:\/\/www.francarman.hr\/#website\"},\"datePublished\":\"2024-03-27T09:21:13+00:00\",\"dateModified\":\"2024-03-27T09:21:13+00:00\",\"description\":\"Zbog razli\u010ditih sorti i pomno odabranih metoda dozrijevanja, Franc Arman bijela vina nude vam cijeli spektar okusa i mirisa na paleti vinskog do\u017eivljaja.\",\"breadcrumb\":{\"@id\":\"https:\/\/www.francarman.hr\/bijela-vina\/perla-bianca\/#breadcrumb\"},\"inLanguage\":\"it-IT\",\"potentialAction\":[{\"@type\":\"ReadAction\",\"target\":[\"https:\/\/www.francarman.hr\/bijela-vina\/perla-bianca\/\"]}]},{\"@type\":\"BreadcrumbList\",\"@id\":\"https:\/\/www.francarman.hr\/bijela-vina\/perla-bianca\/#breadcrumb\",\"itemListElement\":[{\"@type\":\"ListItem\",\"position\":1,\"name\":\"Po\u010detna stranica\",\"item\":\"https:\/\/www.francarman.hr\/\"},{\"@type\":\"ListItem\",\"position\":2,\"name\":\"Bijela vina\",\"item\":\"https:\/\/www.francarman.hr\/bijela-vina\/\"},{\"@type\":\"ListItem\",\"position\":3,\"name\":\"Perla Bianca\"}]},{\"@type\":\"WebSite\",\"@id\":\"https:\/\/www.francarman.hr\/#website\",\"url\":\"https:\/\/www.francarman.hr\/\",\"name\":\"Franc Arman\",\"description\":\"vrhunsko vino za vrhunske u\u017eitke\",\"potentialAction\":[{\"@type\":\"SearchAction\",\"target\":{\"@type\":\"EntryPoint\",\"urlTemplate\":\"https:\/\/www.francarman.hr\/?s={search_term_string}\"},\"query-input\":\"required name=search_term_string\"}],\"inLanguage\":\"it-IT\"}]}<\/script>\n<!-- \/ Yoast SEO plugin. -->","yoast_head_json":{"title":"Bijela vina - Franc Arman","description":"Zbog razli\u010ditih sorti i pomno odabranih metoda dozrijevanja, Franc Arman bijela vina nude vam cijeli spektar okusa i mirisa na paleti vinskog do\u017eivljaja.","robots":{"index":"index","follow":"follow","max-snippet":"max-snippet:-1","max-image-preview":"max-image-preview:large","max-video-preview":"max-video-preview:-1"},"canonical":"https:\/\/www.francarman.hr\/bijela-vina\/perla-bianca\/","og_locale":"it_IT","og_type":"article","og_title":"Bijela vina - Franc Arman","og_description":"Zbog razli\u010ditih sorti i pomno odabranih metoda dozrijevanja, Franc Arman bijela vina nude vam cijeli spektar okusa i mirisa na paleti vinskog do\u017eivljaja.","og_url":"https:\/\/www.francarman.hr\/bijela-vina\/perla-bianca\/","og_site_name":"Franc Arman","twitter_card":"summary_large_image","twitter_misc":{"Tempo di lettura stimato":"12 minuti"},"schema":{"@context":"https:\/\/schema.org","@graph":[{"@type":"WebPage","@id":"https:\/\/www.francarman.hr\/bijela-vina\/perla-bianca\/","url":"https:\/\/www.francarman.hr\/bijela-vina\/perla-bianca\/","name":"Bijela vina - Franc Arman","isPartOf":{"@id":"https:\/\/www.francarman.hr\/#website"},"datePublished":"2024-03-27T09:21:13+00:00","dateModified":"2024-03-27T09:21:13+00:00","description":"Zbog razli\u010ditih sorti i pomno odabranih metoda dozrijevanja, Franc Arman bijela vina nude vam cijeli spektar okusa i mirisa na paleti vinskog do\u017eivljaja.","breadcrumb":{"@id":"https:\/\/www.francarman.hr\/bijela-vina\/perla-bianca\/#breadcrumb"},"inLanguage":"it-IT","potentialAction":[{"@type":"ReadAction","target":["https:\/\/www.francarman.hr\/bijela-vina\/perla-bianca\/"]}]},{"@type":"BreadcrumbList","@id":"https:\/\/www.francarman.hr\/bijela-vina\/perla-bianca\/#breadcrumb","itemListElement":[{"@type":"ListItem","position":1,"name":"Po\u010detna stranica","item":"https:\/\/www.francarman.hr\/"},{"@type":"ListItem","position":2,"name":"Bijela vina","item":"https:\/\/www.francarman.hr\/bijela-vina\/"},{"@type":"ListItem","position":3,"name":"Perla Bianca"}]},{"@type":"WebSite","@id":"https:\/\/www.francarman.hr\/#website","url":"https:\/\/www.francarman.hr\/","name":"Franc Arman","description":"vrhunsko vino za vrhunske u\u017eitke","potentialAction":[{"@type":"SearchAction","target":{"@type":"EntryPoint","urlTemplate":"https:\/\/www.francarman.hr\/?s={search_term_string}"},"query-input":"required name=search_term_string"}],"inLanguage":"it-IT"}]}},"_links":{"self":[{"href":"https:\/\/www.francarman.hr\/it\/wp-json\/wp\/v2\/pages\/2852"}],"collection":[{"href":"https:\/\/www.francarman.hr\/it\/wp-json\/wp\/v2\/pages"}],"about":[{"href":"https:\/\/www.francarman.hr\/it\/wp-json\/wp\/v2\/types\/page"}],"author":[{"embeddable":true,"href":"https:\/\/www.francarman.hr\/it\/wp-json\/wp\/v2\/users\/1"}],"replies":[{"embeddable":true,"href":"https:\/\/www.francarman.hr\/it\/wp-json\/wp\/v2\/comments?post=2852"}],"version-history":[{"count":1,"href":"https:\/\/www.francarman.hr\/it\/wp-json\/wp\/v2\/pages\/2852\/revisions"}],"predecessor-version":[{"id":2853,"href":"https:\/\/www.francarman.hr\/it\/wp-json\/wp\/v2\/pages\/2852\/revisions\/2853"}],"up":[{"embeddable":true,"href":"https:\/\/www.francarman.hr\/it\/wp-json\/wp\/v2\/pages\/2"}],"wp:attachment":[{"href":"https:\/\/www.francarman.hr\/it\/wp-json\/wp\/v2\/media?parent=2852"}],"curies":[{"name":"wp","href":"https:\/\/api.w.org\/{rel}","templated":true}]}}